
{"id":20292,"date":"2025-11-06T16:52:35","date_gmt":"2025-11-06T16:52:35","guid":{"rendered":"https:\/\/25hours-hotels.com\/?post_type=event&#038;p=20292"},"modified":"2025-11-06T16:52:36","modified_gmt":"2025-11-06T16:52:36","slug":"the-final-pour-2025","status":"publish","type":"event","link":"https:\/\/25hours-hotels.com\/de\/munich\/the-royal-bavarian\/events\/new-years-eve-boilerman-2025\/","title":{"rendered":"the final pour 2025"},"content":{"rendered":"<div class=\"wp-block-custom25h-hero-details is-style-no-rescale\">\n<div class=\"wp-block-cover has-base-color has-text-color has-link-color wp-elements-ec0ff03cccdd309c36d4f004141d3729\" style=\"min-height:100vh;aspect-ratio:unset;\"><span aria-hidden=\"true\" class=\"wp-block-cover__background has-contrast-background-color has-background-dim-30 has-background-dim\"><\/span><img loading=\"lazy\" decoding=\"async\" width=\"800\" height=\"600\" class=\"wp-block-cover__image-background wp-image-20295\" alt=\"\" src=\"https:\/\/25hours-hotels.com\/wp-content\/uploads\/sites\/39\/2025\/11\/Marketing_Website_Silvester-1.jpg\" data-object-fit=\"cover\" srcset=\"https:\/\/25hours-hotels.com\/wp-content\/uploads\/sites\/39\/2025\/11\/Marketing_Website_Silvester-1.jpg 800w, https:\/\/25hours-hotels.com\/wp-content\/uploads\/sites\/39\/2025\/11\/Marketing_Website_Silvester-1.jpg?resize=300,225 300w, https:\/\/25hours-hotels.com\/wp-content\/uploads\/sites\/39\/2025\/11\/Marketing_Website_Silvester-1.jpg?resize=768,576 768w, https:\/\/25hours-hotels.com\/wp-content\/uploads\/sites\/39\/2025\/11\/Marketing_Website_Silvester-1.jpg?resize=16,12 16w\" sizes=\"(max-width: 800px) 100vw, 800px\" \/><div class=\"wp-block-cover__inner-container is-layout-flow wp-block-cover-is-layout-flow\">\n<p class=\"has-text-align-center has-paragraph-font-size\">25hours Hotel The Royal Bavarian<\/p>\n\n\n\n<h1 class=\"wp-block-heading has-text-align-center has-base-color has-text-color has-title-2-font-size\">the final pour 2025<\/h1>\n\n\n\n<div class=\"wp-block-buttons alignfull is-content-justification-center is-layout-flex wp-container-core-buttons-is-layout-1 wp-block-buttons-is-layout-flex\" style=\"margin-top:var(--wp--preset--spacing--6)\">\n<div class=\"wp-block-button is-style-fill is-style-fill is-style-fill\"><a class=\"wp-block-button__link has-contrast-color has-text-color wp-element-button\" aria-label=\"\">first come, first served<\/a><\/div>\n<\/div>\n<\/div><\/div>\n\n\n\n<div class=\"wp-block-group has-pattern-dots is-vertical is-content-justification-center is-layout-flex wp-container-core-group-is-layout-1 wp-block-group-is-layout-flex\" style=\"padding-top:var(--wp--preset--spacing--5);padding-right:var(--wp--preset--spacing--5);padding-bottom:var(--wp--preset--spacing--5);padding-left:var(--wp--preset--spacing--5)\">\n<div style=\"height:0px\" aria-hidden=\"true\" class=\"wp-block-spacer wp-container-content-1\"><\/div>\n\n\n\n<h2 class=\"wp-block-heading has-text-align-center\">the final pour 2025<\/h2>\n\n\n\n<p><br>Silvester in der Boilerman Bar<\/p>\n\n\n\n<p>STO\u00df MIT UNS AUF 2026 AN<\/p>\n\n\n\n<p>Wir bringen die Party in die Boilerman Bar.<\/p>\n\n\n\n<p class=\"has-text-align-center\">Feier mit uns eine unvergessliche Nacht voll leckerer Highballs und exklusiver New-Year\u2019s-Specials \u2013 gemixt nur f\u00fcr dich.\nUnser DJ legt von 20:00 bis 2:00 Uhr auf \u2013 lass uns gemeinsam ins neue Jahr tanzen.<\/p>\n\n\n\n<p>Also: Datum vormerken und bereit machen, mit uns auf 2026 anzusto\u00dfen.<\/p>\n\n\n\n<p>Lass uns diese Silvesternacht zur besten \u00fcberhaupt machen!<\/p>\n\n\n\n<div class=\"wp-block-buttons alignfull is-content-justification-center is-layout-flex wp-container-core-buttons-is-layout-2 wp-block-buttons-is-layout-flex\" style=\"margin-top:var(--wp--preset--spacing--6)\">\n<div class=\"wp-block-button is-style-fill is-style-fill is-style-fill\"><a class=\"wp-block-button__link has-contrast-color has-text-color wp-element-button\" aria-label=\"\">first come, first served<\/a><\/div>\n<\/div>\n<\/div>\n<\/div>\n\n\n\n<div class=\"wp-block-group has-pattern-dots has-global-padding is-layout-constrained wp-block-group-is-layout-constrained\">\n<div class=\"wp-block-custom25h-text-columns\">\n<div class=\"wp-block-group alignwide wp-block-custom25h-text-columns wp-block-custom25h-text-columns has-global-padding is-layout-constrained wp-block-group-is-layout-constrained\" style=\"padding-top:var(--wp--preset--spacing--5);padding-bottom:var(--wp--preset--spacing--5)\">\n<div class=\"wp-block-columns wp-block-custom25h-text-columns--columns is-layout-flex wp-container-core-columns-is-layout-1 wp-block-columns-is-layout-flex\">\n<div class=\"wp-block-column is-layout-flow wp-block-column-is-layout-flow\" style=\"padding-right:var(--wp--preset--spacing--5);padding-left:var(--wp--preset--spacing--5)\">\n<h3 class=\"wp-block-heading has-text-align-center has-title-4-font-size\">wann<\/h3>\n\n\n\n<p class=\"has-text-align-center\">31. Dez. 2025<\/p>\n<\/div>\n\n\n\n<div class=\"wp-block-column is-layout-flow wp-block-column-is-layout-flow\" style=\"padding-right:var(--wp--preset--spacing--5);padding-left:var(--wp--preset--spacing--5)\">\n<h3 class=\"wp-block-heading has-text-align-center has-title-4-font-size\">wo<\/h3>\n\n\n\n<p class=\"has-text-align-center\">BoilermanBar<br>25hours Hotel The Royal Bavarian<br>Bahnhofplatz 1<br>80335 M\u00fcnchen<\/p>\n\n\n\n<div class=\"wp-block-buttons is-content-justification-center is-layout-flex wp-container-core-buttons-is-layout-3 wp-block-buttons-is-layout-flex\">\n<div class=\"wp-block-button is-style-text-link is-style-text-link has-text-underline is-style-text-link\"><a class=\"wp-block-button__link wp-element-button\" href=\"https:\/\/maps.app.goo.gl\/5Javx66fATiZARRV8\" style=\"padding-top:var(--wp--preset--spacing--2)\" target=\"_blank\" rel=\"noreferrer noopener\" aria-label=\"\">Routenplanung<\/a><\/div>\n<\/div>\n<\/div>\n\n\n\n<div class=\"wp-block-column is-layout-flow wp-block-column-is-layout-flow\" style=\"padding-right:var(--wp--preset--spacing--5);padding-left:var(--wp--preset--spacing--5)\">\n<h3 class=\"wp-block-heading has-text-align-center has-title-4-font-size\">zeit<\/h3>\n\n\n\n<p class=\"has-text-align-center\">von 20 - 2h<\/p>\n<\/div>\n<\/div>\n<\/div>\n<\/div>\n<\/div>\n\n\n\n<div class=\"wp-block-group alignwide has-pattern-dots has-global-padding is-layout-constrained wp-block-group-is-layout-constrained\" style=\"padding-top:var(--wp--preset--spacing--6)\">\n<div style=\"height:42px\" aria-hidden=\"true\" class=\"wp-block-spacer\"><\/div>\n\n\n\n<div class=\"wp-block-columns is-layout-flex wp-container-core-columns-is-layout-2 wp-block-columns-is-layout-flex\">\n<div class=\"wp-block-column is-layout-flow wp-block-column-is-layout-flow\">\n<h2 class=\"wp-block-heading\" style=\"margin-top:var(--wp--preset--spacing--6)\">andere events<\/h2>\n\n\n\n<p>Lust auf etwas anderes? Hier sind weitere Events.<\/p>\n<\/div>\n\n\n\n<div class=\"wp-block-column hide-on-mobile is-layout-flow wp-block-column-is-layout-flow\" style=\"flex-basis:35%\">\n<h4 class=\"wp-block-heading has-text-align-center has-sticker-font-size wp-block-heading has-text-align-center has-sticker-font-size wp-block-heading is-sticker has-custom-font has-texture has-spancolor-propertyColor2 has-rotation-left\"><span>loud, louder, live.<\/span><\/h4>\n<\/div>\n<\/div>\n<\/div>\n\n\n\n<div class=\"wp-block-custom25h-carousel-v2 alignfull custom25hours-carousel-v2 is-style-alternative\" id=\"custom25hours-carousel-v2-0\">\n<div class=\"wp-block-group alignfull wp-block-25hours-carousel-v2 wp-block-25hours-carousel-v2 has-pattern-dots is-layout-flow wp-container-core-group-is-layout-13 wp-block-group-is-layout-flow\" style=\"padding-top:var(--wp--preset--spacing--5);padding-bottom:var(--wp--preset--spacing--15)\">\n<div class=\"wp-block-query is-layout-flow wp-block-query-is-layout-flow\"><ul class=\"swiper-wrapper wp-block-post-template is-layout-flow wp-container-core-post-template-is-layout-1 wp-block-post-template-is-layout-flow\"><li class=\"wp-block-post post-24120 event type-event status-publish has-post-thumbnail hentry business-site-the-royal-bavarian location-munich event-type-musik-party\">\n<figure class=\"wp-block-post-featured-image\"><a href=\"https:\/\/25hours-hotels.com\/de\/munich\/the-royal-bavarian\/events\/lange-nacht-der-musik-0905\/\" target=\"_self\"  ><img loading=\"lazy\" decoding=\"async\" width=\"1000\" height=\"750\" src=\"https:\/\/25hours-hotels.com\/wp-content\/uploads\/sites\/39\/2026\/03\/Marketing_website_Lange-Nacht-der-Musik-.png?w=1000\" class=\"attachment-post-thumbnail size-post-thumbnail wp-post-image\" alt=\"Lange Nacht der Musik\" style=\"object-fit:cover;\" srcset=\"https:\/\/25hours-hotels.com\/wp-content\/uploads\/sites\/39\/2026\/03\/Marketing_website_Lange-Nacht-der-Musik-.png 1000w, https:\/\/25hours-hotels.com\/wp-content\/uploads\/sites\/39\/2026\/03\/Marketing_website_Lange-Nacht-der-Musik-.png?resize=300,225 300w, https:\/\/25hours-hotels.com\/wp-content\/uploads\/sites\/39\/2026\/03\/Marketing_website_Lange-Nacht-der-Musik-.png?resize=768,576 768w, https:\/\/25hours-hotels.com\/wp-content\/uploads\/sites\/39\/2026\/03\/Marketing_website_Lange-Nacht-der-Musik-.png?resize=16,12 16w\" sizes=\"(max-width: 1000px) 100vw, 1000px\" \/><\/a><\/figure>\n\n\n<div class=\"wp-block-group carousel-v2--slide-content carousel-v2--slide-content carousel-v2--slide-content is-layout-flow wp-container-core-group-is-layout-5 wp-block-group-is-layout-flow\"><h4 style=\"margin-top:var(--wp--preset--spacing--5);margin-bottom:var(--wp--preset--spacing--1); font-weight:700;line-height:1.2;\" class=\"wp-block-post-title has-title-4-font-size\">Lange Nacht der Musik<\/h4>\n\n\n<p style=\"margin-bottom:var(--wp--preset--spacing--2)\">The Royal Bavarian, M\u00fcnchen<\/p>\n\n\n<div style=\"margin-bottom:var(--wp--preset--spacing--4); line-height:1.2;\" class=\"--line-clamp-3 wp-block-post-excerpt has-paragraph-small-font-size\"><p class=\"wp-block-post-excerpt__excerpt\">Live-Musik, zwei Acts, ein Abend \u2014 von Indie-Folk zum Mitsingen bis hin zu stimmungsvollen Kl\u00e4ngen voller Emotionen und Stil. <\/p><\/div>\n\n<p class=\"has-icon-ticket-type\">Ticket Sale<\/p>\n\n<p class=\"has-icon-event-date\">9. May. 2026 | 8pm &#8211; 1am<\/p>\n\n<a aria-label=\"Lange Nacht der Musik - More info\" style=\"margin-top:var(--wp--preset--spacing--5);\" class=\"is-button-style is-style-text-link  has-text-underline  has-icon__shape-arrow has-icon__orientation-right wp-block-read-more has-paragraph-font-size\" href=\"https:\/\/25hours-hotels.com\/de\/munich\/the-royal-bavarian\/events\/lange-nacht-der-musik-0905\/\" target=\"_self\">Mehr Informationen<span class=\"screen-reader-text\">: Lange Nacht der Musik<\/span><\/a><\/div>\n\n<\/li><li class=\"wp-block-post post-21690 event type-event status-publish has-post-thumbnail hentry business-site-the-royal-bavarian location-munich event-type-art-culture\">\n<figure class=\"wp-block-post-featured-image\"><a href=\"https:\/\/25hours-hotels.com\/de\/munich\/the-royal-bavarian\/events\/caro-sing-along-1705\/\" target=\"_self\"  ><img loading=\"lazy\" decoding=\"async\" width=\"1000\" height=\"750\" src=\"https:\/\/25hours-hotels.com\/wp-content\/uploads\/sites\/39\/2025\/12\/25h_royalbavarian_events_caro-sing-along.jpg?w=1000\" class=\"attachment-post-thumbnail size-post-thumbnail wp-post-image\" alt=\"Elton John Sing Along\" style=\"object-fit:cover;\" srcset=\"https:\/\/25hours-hotels.com\/wp-content\/uploads\/sites\/39\/2025\/12\/25h_royalbavarian_events_caro-sing-along.jpg 1000w, https:\/\/25hours-hotels.com\/wp-content\/uploads\/sites\/39\/2025\/12\/25h_royalbavarian_events_caro-sing-along.jpg?resize=300,225 300w, https:\/\/25hours-hotels.com\/wp-content\/uploads\/sites\/39\/2025\/12\/25h_royalbavarian_events_caro-sing-along.jpg?resize=768,576 768w, https:\/\/25hours-hotels.com\/wp-content\/uploads\/sites\/39\/2025\/12\/25h_royalbavarian_events_caro-sing-along.jpg?resize=16,12 16w\" sizes=\"(max-width: 1000px) 100vw, 1000px\" \/><\/a><\/figure>\n\n\n<div class=\"wp-block-group carousel-v2--slide-content carousel-v2--slide-content carousel-v2--slide-content is-layout-flow wp-container-core-group-is-layout-6 wp-block-group-is-layout-flow\"><h4 style=\"margin-top:var(--wp--preset--spacing--5);margin-bottom:var(--wp--preset--spacing--1); font-weight:700;line-height:1.2;\" class=\"wp-block-post-title has-title-4-font-size\">Elton John Sing Along<\/h4>\n\n\n<p style=\"margin-bottom:var(--wp--preset--spacing--2)\">The Royal Bavarian, M\u00fcnchen<\/p>\n\n\n<div style=\"margin-bottom:var(--wp--preset--spacing--4); line-height:1.2;\" class=\"--line-clamp-3 wp-block-post-excerpt has-paragraph-small-font-size\"><p class=\"wp-block-post-excerpt__excerpt\">Entfessle deine musikalischen K\u00fcnste und sei Teil eines einzigartigen Erlebnisses. <\/p><\/div>\n\n<p class=\"has-icon-ticket-type\">Eintritt frei<\/p>\n\n<p class=\"has-icon-event-date\">17. Mai 2026 | 19h<\/p>\n\n<a aria-label=\"Elton John Sing Along - More info\" style=\"margin-top:var(--wp--preset--spacing--5);\" class=\"is-button-style is-style-text-link  has-text-underline  has-icon__shape-arrow has-icon__orientation-right wp-block-read-more has-paragraph-font-size\" href=\"https:\/\/25hours-hotels.com\/de\/munich\/the-royal-bavarian\/events\/caro-sing-along-1705\/\" target=\"_self\">Mehr Informationen<span class=\"screen-reader-text\">: Elton John Sing Along<\/span><\/a><\/div>\n\n<\/li><li class=\"wp-block-post post-21705 event type-event status-publish has-post-thumbnail hentry business-site-the-royal-bavarian location-munich event-type-art-culture\">\n<figure class=\"wp-block-post-featured-image\"><a href=\"https:\/\/25hours-hotels.com\/de\/munich\/the-royal-bavarian\/events\/live-at-25h-0706\/\" target=\"_self\"  ><img loading=\"lazy\" decoding=\"async\" width=\"1000\" height=\"750\" src=\"https:\/\/25hours-hotels.com\/wp-content\/uploads\/sites\/39\/2025\/03\/25h_roy_events_live-at-25h_1.png?w=1000\" class=\"attachment-post-thumbnail size-post-thumbnail wp-post-image\" alt=\"Live at 25h: a stage for Munich artists\" style=\"object-fit:cover;\" srcset=\"https:\/\/25hours-hotels.com\/wp-content\/uploads\/sites\/39\/2025\/03\/25h_roy_events_live-at-25h_1.png 1000w, https:\/\/25hours-hotels.com\/wp-content\/uploads\/sites\/39\/2025\/03\/25h_roy_events_live-at-25h_1.png?resize=300,225 300w, https:\/\/25hours-hotels.com\/wp-content\/uploads\/sites\/39\/2025\/03\/25h_roy_events_live-at-25h_1.png?resize=768,576 768w, https:\/\/25hours-hotels.com\/wp-content\/uploads\/sites\/39\/2025\/03\/25h_roy_events_live-at-25h_1.png?resize=16,12 16w\" sizes=\"(max-width: 1000px) 100vw, 1000px\" \/><\/a><\/figure>\n\n\n<div class=\"wp-block-group carousel-v2--slide-content carousel-v2--slide-content carousel-v2--slide-content is-layout-flow wp-container-core-group-is-layout-7 wp-block-group-is-layout-flow\"><h4 style=\"margin-top:var(--wp--preset--spacing--5);margin-bottom:var(--wp--preset--spacing--1); font-weight:700;line-height:1.2;\" class=\"wp-block-post-title has-title-4-font-size\">Live at 25h: a stage for Munich artists<\/h4>\n\n\n<p style=\"margin-bottom:var(--wp--preset--spacing--2)\">The Royal Bavarian, M\u00fcnchen<\/p>\n\n\n<div style=\"margin-bottom:var(--wp--preset--spacing--4); line-height:1.2;\" class=\"--line-clamp-3 wp-block-post-excerpt has-paragraph-small-font-size\"><p class=\"wp-block-post-excerpt__excerpt\">M\u00fcnchen hat Talente! Und wir m\u00f6chten ihnen eine B\u00fchne bieten. Den roten Teppich ausrollen f\u00fcr unsere lokalen Stars, die an einem Sonntagabend mit Live-Musik strahlen \u2014 klingt nach einem Plan, oder? <\/p><\/div>\n\n<p class=\"has-icon-ticket-type\">Eintritt frei<\/p>\n\n<p class=\"has-icon-event-date\">7. Jun. 2026 | 7pm &#8211; 10pm<\/p>\n\n<a aria-label=\"Live at 25h: a stage for Munich artists - More info\" style=\"margin-top:var(--wp--preset--spacing--5);\" class=\"is-button-style is-style-text-link  has-text-underline  has-icon__shape-arrow has-icon__orientation-right wp-block-read-more has-paragraph-font-size\" href=\"https:\/\/25hours-hotels.com\/de\/munich\/the-royal-bavarian\/events\/live-at-25h-0706\/\" target=\"_self\">Mehr Informationen<span class=\"screen-reader-text\">: Live at 25h: a stage for Munich artists<\/span><\/a><\/div>\n\n<\/li><li class=\"wp-block-post post-21692 event type-event status-publish has-post-thumbnail hentry business-site-the-royal-bavarian location-munich event-type-art-culture\">\n<figure class=\"wp-block-post-featured-image\"><a href=\"https:\/\/25hours-hotels.com\/de\/munich\/the-royal-bavarian\/events\/caro-sing-along-1907\/\" target=\"_self\"  ><img loading=\"lazy\" decoding=\"async\" width=\"1000\" height=\"750\" src=\"https:\/\/25hours-hotels.com\/wp-content\/uploads\/sites\/39\/2025\/12\/25h_royalbavarian_events_caro-sing-along.jpg?w=1000\" class=\"attachment-post-thumbnail size-post-thumbnail wp-post-image\" alt=\"Pop Divas Sing Along\" style=\"object-fit:cover;\" srcset=\"https:\/\/25hours-hotels.com\/wp-content\/uploads\/sites\/39\/2025\/12\/25h_royalbavarian_events_caro-sing-along.jpg 1000w, https:\/\/25hours-hotels.com\/wp-content\/uploads\/sites\/39\/2025\/12\/25h_royalbavarian_events_caro-sing-along.jpg?resize=300,225 300w, https:\/\/25hours-hotels.com\/wp-content\/uploads\/sites\/39\/2025\/12\/25h_royalbavarian_events_caro-sing-along.jpg?resize=768,576 768w, https:\/\/25hours-hotels.com\/wp-content\/uploads\/sites\/39\/2025\/12\/25h_royalbavarian_events_caro-sing-along.jpg?resize=16,12 16w\" sizes=\"(max-width: 1000px) 100vw, 1000px\" \/><\/a><\/figure>\n\n\n<div class=\"wp-block-group carousel-v2--slide-content carousel-v2--slide-content carousel-v2--slide-content is-layout-flow wp-container-core-group-is-layout-8 wp-block-group-is-layout-flow\"><h4 style=\"margin-top:var(--wp--preset--spacing--5);margin-bottom:var(--wp--preset--spacing--1); font-weight:700;line-height:1.2;\" class=\"wp-block-post-title has-title-4-font-size\">Pop Divas Sing Along<\/h4>\n\n\n<p style=\"margin-bottom:var(--wp--preset--spacing--2)\">The Royal Bavarian, M\u00fcnchen<\/p>\n\n\n<div style=\"margin-bottom:var(--wp--preset--spacing--4); line-height:1.2;\" class=\"--line-clamp-3 wp-block-post-excerpt has-paragraph-small-font-size\"><p class=\"wp-block-post-excerpt__excerpt\">Entfessle deine musikalischen K\u00fcnste und sei Teil eines einzigartigen Erlebnisses. <\/p><\/div>\n\n<p class=\"has-icon-ticket-type\">Eintritt frei<\/p>\n\n<p class=\"has-icon-event-date\">19. Jul. 2026 | 19h<\/p>\n\n<a aria-label=\"Pop Divas Sing Along - More info\" style=\"margin-top:var(--wp--preset--spacing--5);\" class=\"is-button-style is-style-text-link  has-text-underline  has-icon__shape-arrow has-icon__orientation-right wp-block-read-more has-paragraph-font-size\" href=\"https:\/\/25hours-hotels.com\/de\/munich\/the-royal-bavarian\/events\/caro-sing-along-1907\/\" target=\"_self\">Mehr Informationen<span class=\"screen-reader-text\">: Pop Divas Sing Along<\/span><\/a><\/div>\n\n<\/li><li class=\"wp-block-post post-21706 event type-event status-publish has-post-thumbnail hentry business-site-the-royal-bavarian location-munich event-type-art-culture\">\n<figure class=\"wp-block-post-featured-image\"><a href=\"https:\/\/25hours-hotels.com\/de\/munich\/the-royal-bavarian\/events\/live-at-25h-0706\/\" target=\"_self\"  ><img loading=\"lazy\" decoding=\"async\" width=\"1000\" height=\"750\" src=\"https:\/\/25hours-hotels.com\/wp-content\/uploads\/sites\/39\/2025\/03\/25h_roy_events_live-at-25h_1.png?w=1000\" class=\"attachment-post-thumbnail size-post-thumbnail wp-post-image\" alt=\"Live at 25h: a stage for Munich artists\" style=\"object-fit:cover;\" srcset=\"https:\/\/25hours-hotels.com\/wp-content\/uploads\/sites\/39\/2025\/03\/25h_roy_events_live-at-25h_1.png 1000w, https:\/\/25hours-hotels.com\/wp-content\/uploads\/sites\/39\/2025\/03\/25h_roy_events_live-at-25h_1.png?resize=300,225 300w, https:\/\/25hours-hotels.com\/wp-content\/uploads\/sites\/39\/2025\/03\/25h_roy_events_live-at-25h_1.png?resize=768,576 768w, https:\/\/25hours-hotels.com\/wp-content\/uploads\/sites\/39\/2025\/03\/25h_roy_events_live-at-25h_1.png?resize=16,12 16w\" sizes=\"(max-width: 1000px) 100vw, 1000px\" \/><\/a><\/figure>\n\n\n<div class=\"wp-block-group carousel-v2--slide-content carousel-v2--slide-content carousel-v2--slide-content is-layout-flow wp-container-core-group-is-layout-9 wp-block-group-is-layout-flow\"><h4 style=\"margin-top:var(--wp--preset--spacing--5);margin-bottom:var(--wp--preset--spacing--1); font-weight:700;line-height:1.2;\" class=\"wp-block-post-title has-title-4-font-size\">Live at 25h: a stage for Munich artists<\/h4>\n\n\n<p style=\"margin-bottom:var(--wp--preset--spacing--2)\">The Royal Bavarian, M\u00fcnchen<\/p>\n\n\n<div style=\"margin-bottom:var(--wp--preset--spacing--4); line-height:1.2;\" class=\"--line-clamp-3 wp-block-post-excerpt has-paragraph-small-font-size\"><p class=\"wp-block-post-excerpt__excerpt\">M\u00fcnchen hat Talente! Und wir m\u00f6chten ihnen eine B\u00fchne bieten. Den roten Teppich ausrollen f\u00fcr unsere lokalen Stars, die an einem Sonntagabend mit Live-Musik strahlen \u2014 klingt nach einem Plan, oder? <\/p><\/div>\n\n<p class=\"has-icon-ticket-type\">Eintritt frei<\/p>\n\n<p class=\"has-icon-event-date\">9. Aug. 2026 | 7pm &#8211; 10pm<\/p>\n\n<a aria-label=\"Live at 25h: a stage for Munich artists - More info\" style=\"margin-top:var(--wp--preset--spacing--5);\" class=\"is-button-style is-style-text-link  has-text-underline  has-icon__shape-arrow has-icon__orientation-right wp-block-read-more has-paragraph-font-size\" href=\"https:\/\/25hours-hotels.com\/de\/munich\/the-royal-bavarian\/events\/live-at-25h-0706\/\" target=\"_self\">Mehr Informationen<span class=\"screen-reader-text\">: Live at 25h: a stage for Munich artists<\/span><\/a><\/div>\n\n<\/li><li class=\"wp-block-post post-21694 event type-event status-publish has-post-thumbnail hentry business-site-the-royal-bavarian location-munich event-type-art-culture\">\n<figure class=\"wp-block-post-featured-image\"><a href=\"https:\/\/25hours-hotels.com\/de\/munich\/the-royal-bavarian\/events\/caro-sing-along-1309\/\" target=\"_self\"  ><img loading=\"lazy\" decoding=\"async\" width=\"1000\" height=\"750\" src=\"https:\/\/25hours-hotels.com\/wp-content\/uploads\/sites\/39\/2025\/12\/25h_royalbavarian_events_caro-sing-along.jpg?w=1000\" class=\"attachment-post-thumbnail size-post-thumbnail wp-post-image\" alt=\"Amy Winehouse Sing Along\" style=\"object-fit:cover;\" srcset=\"https:\/\/25hours-hotels.com\/wp-content\/uploads\/sites\/39\/2025\/12\/25h_royalbavarian_events_caro-sing-along.jpg 1000w, https:\/\/25hours-hotels.com\/wp-content\/uploads\/sites\/39\/2025\/12\/25h_royalbavarian_events_caro-sing-along.jpg?resize=300,225 300w, https:\/\/25hours-hotels.com\/wp-content\/uploads\/sites\/39\/2025\/12\/25h_royalbavarian_events_caro-sing-along.jpg?resize=768,576 768w, https:\/\/25hours-hotels.com\/wp-content\/uploads\/sites\/39\/2025\/12\/25h_royalbavarian_events_caro-sing-along.jpg?resize=16,12 16w\" sizes=\"(max-width: 1000px) 100vw, 1000px\" \/><\/a><\/figure>\n\n\n<div class=\"wp-block-group carousel-v2--slide-content carousel-v2--slide-content carousel-v2--slide-content is-layout-flow wp-container-core-group-is-layout-10 wp-block-group-is-layout-flow\"><h4 style=\"margin-top:var(--wp--preset--spacing--5);margin-bottom:var(--wp--preset--spacing--1); font-weight:700;line-height:1.2;\" class=\"wp-block-post-title has-title-4-font-size\">Amy Winehouse Sing Along<\/h4>\n\n\n<p style=\"margin-bottom:var(--wp--preset--spacing--2)\">The Royal Bavarian, M\u00fcnchen<\/p>\n\n\n<div style=\"margin-bottom:var(--wp--preset--spacing--4); line-height:1.2;\" class=\"--line-clamp-3 wp-block-post-excerpt has-paragraph-small-font-size\"><p class=\"wp-block-post-excerpt__excerpt\">Entfessle deine musikalischen K\u00fcnste und sei Teil eines einzigartigen Erlebnisses. <\/p><\/div>\n\n<p class=\"has-icon-ticket-type\">Eintritt frei<\/p>\n\n<p class=\"has-icon-event-date\">13. Sep. 2026 | 19h<\/p>\n\n<a aria-label=\"Amy Winehouse Sing Along - More info\" style=\"margin-top:var(--wp--preset--spacing--5);\" class=\"is-button-style is-style-text-link  has-text-underline  has-icon__shape-arrow has-icon__orientation-right wp-block-read-more has-paragraph-font-size\" href=\"https:\/\/25hours-hotels.com\/de\/munich\/the-royal-bavarian\/events\/caro-sing-along-1309\/\" target=\"_self\">Mehr Informationen<span class=\"screen-reader-text\">: Amy Winehouse Sing Along<\/span><\/a><\/div>\n\n<\/li><li class=\"wp-block-post post-21698 event type-event status-publish has-post-thumbnail hentry business-site-the-royal-bavarian location-munich event-type-art-culture\">\n<figure class=\"wp-block-post-featured-image\"><a href=\"https:\/\/25hours-hotels.com\/de\/munich\/the-royal-bavarian\/events\/caro-sing-along-0811\/\" target=\"_self\"  ><img loading=\"lazy\" decoding=\"async\" width=\"1000\" height=\"750\" src=\"https:\/\/25hours-hotels.com\/wp-content\/uploads\/sites\/39\/2025\/12\/25h_royalbavarian_events_caro-sing-along.jpg?w=1000\" class=\"attachment-post-thumbnail size-post-thumbnail wp-post-image\" alt=\"Queen Sing Along\" style=\"object-fit:cover;\" srcset=\"https:\/\/25hours-hotels.com\/wp-content\/uploads\/sites\/39\/2025\/12\/25h_royalbavarian_events_caro-sing-along.jpg 1000w, https:\/\/25hours-hotels.com\/wp-content\/uploads\/sites\/39\/2025\/12\/25h_royalbavarian_events_caro-sing-along.jpg?resize=300,225 300w, https:\/\/25hours-hotels.com\/wp-content\/uploads\/sites\/39\/2025\/12\/25h_royalbavarian_events_caro-sing-along.jpg?resize=768,576 768w, https:\/\/25hours-hotels.com\/wp-content\/uploads\/sites\/39\/2025\/12\/25h_royalbavarian_events_caro-sing-along.jpg?resize=16,12 16w\" sizes=\"(max-width: 1000px) 100vw, 1000px\" \/><\/a><\/figure>\n\n\n<div class=\"wp-block-group carousel-v2--slide-content carousel-v2--slide-content carousel-v2--slide-content is-layout-flow wp-container-core-group-is-layout-11 wp-block-group-is-layout-flow\"><h4 style=\"margin-top:var(--wp--preset--spacing--5);margin-bottom:var(--wp--preset--spacing--1); font-weight:700;line-height:1.2;\" class=\"wp-block-post-title has-title-4-font-size\">Queen Sing Along<\/h4>\n\n\n<p style=\"margin-bottom:var(--wp--preset--spacing--2)\">The Royal Bavarian, M\u00fcnchen<\/p>\n\n\n<div style=\"margin-bottom:var(--wp--preset--spacing--4); line-height:1.2;\" class=\"--line-clamp-3 wp-block-post-excerpt has-paragraph-small-font-size\"><p class=\"wp-block-post-excerpt__excerpt\">Entfessle deine musikalischen K\u00fcnste und sei Teil eines einzigartigen Erlebnisses. <\/p><\/div>\n\n<p class=\"has-icon-ticket-type\">Eintritt frei<\/p>\n\n<p class=\"has-icon-event-date\">8. Nov. 2026 | 19h<\/p>\n\n<a aria-label=\"Queen Sing Along - More info\" style=\"margin-top:var(--wp--preset--spacing--5);\" class=\"is-button-style is-style-text-link  has-text-underline  has-icon__shape-arrow has-icon__orientation-right wp-block-read-more has-paragraph-font-size\" href=\"https:\/\/25hours-hotels.com\/de\/munich\/the-royal-bavarian\/events\/caro-sing-along-0811\/\" target=\"_self\">Mehr Informationen<span class=\"screen-reader-text\">: Queen Sing Along<\/span><\/a><\/div>\n\n<\/li><li class=\"wp-block-post post-21707 event type-event status-publish has-post-thumbnail hentry business-site-the-royal-bavarian location-munich event-type-art-culture\">\n<figure class=\"wp-block-post-featured-image\"><a href=\"https:\/\/25hours-hotels.com\/de\/munich\/the-royal-bavarian\/events\/live-at-25h-0612\/\" target=\"_self\"  ><img loading=\"lazy\" decoding=\"async\" width=\"1000\" height=\"750\" src=\"https:\/\/25hours-hotels.com\/wp-content\/uploads\/sites\/39\/2025\/03\/25h_roy_events_live-at-25h_1.png?w=1000\" class=\"attachment-post-thumbnail size-post-thumbnail wp-post-image\" alt=\"Live at 25h: a stage for Munich artists\" style=\"object-fit:cover;\" srcset=\"https:\/\/25hours-hotels.com\/wp-content\/uploads\/sites\/39\/2025\/03\/25h_roy_events_live-at-25h_1.png 1000w, https:\/\/25hours-hotels.com\/wp-content\/uploads\/sites\/39\/2025\/03\/25h_roy_events_live-at-25h_1.png?resize=300,225 300w, https:\/\/25hours-hotels.com\/wp-content\/uploads\/sites\/39\/2025\/03\/25h_roy_events_live-at-25h_1.png?resize=768,576 768w, https:\/\/25hours-hotels.com\/wp-content\/uploads\/sites\/39\/2025\/03\/25h_roy_events_live-at-25h_1.png?resize=16,12 16w\" sizes=\"(max-width: 1000px) 100vw, 1000px\" \/><\/a><\/figure>\n\n\n<div class=\"wp-block-group carousel-v2--slide-content carousel-v2--slide-content carousel-v2--slide-content is-layout-flow wp-container-core-group-is-layout-12 wp-block-group-is-layout-flow\"><h4 style=\"margin-top:var(--wp--preset--spacing--5);margin-bottom:var(--wp--preset--spacing--1); font-weight:700;line-height:1.2;\" class=\"wp-block-post-title has-title-4-font-size\">Live at 25h: a stage for Munich artists<\/h4>\n\n\n<p style=\"margin-bottom:var(--wp--preset--spacing--2)\">The Royal Bavarian, M\u00fcnchen<\/p>\n\n\n<div style=\"margin-bottom:var(--wp--preset--spacing--4); line-height:1.2;\" class=\"--line-clamp-3 wp-block-post-excerpt has-paragraph-small-font-size\"><p class=\"wp-block-post-excerpt__excerpt\">M\u00fcnchen hat Talente! Und wir m\u00f6chten ihnen eine B\u00fchne bieten. Den roten Teppich ausrollen f\u00fcr unsere lokalen Stars, die an einem Sonntagabend mit Live-Musik strahlen \u2014 klingt nach einem Plan, oder? <\/p><\/div>\n\n<p class=\"has-icon-ticket-type\">Eintritt frei<\/p>\n\n<p class=\"has-icon-event-date\">6. Dec. 2026 | 7pm &#8211; 10pm<\/p>\n\n<a aria-label=\"Live at 25h: a stage for Munich artists - More info\" style=\"margin-top:var(--wp--preset--spacing--5);\" class=\"is-button-style is-style-text-link  has-text-underline  has-icon__shape-arrow has-icon__orientation-right wp-block-read-more has-paragraph-font-size\" href=\"https:\/\/25hours-hotels.com\/de\/munich\/the-royal-bavarian\/events\/live-at-25h-0612\/\" target=\"_self\">Mehr Informationen<span class=\"screen-reader-text\">: Live at 25h: a stage for Munich artists<\/span><\/a><\/div>\n\n<\/li><\/ul><\/div>\n<\/div>\n<div class=\"custom25h-carousel-v2__controls\"><button class=\"swiper-button swiper-button--prev --prev\"><\/button><div class=\"custom25h-carousel-v2__control--pagination\"><\/div><button class=\"swiper-button swiper-button--next --next\"><\/button><\/div><\/div>","protected":false},"excerpt":{"rendered":"<p>New Years Eve at The Boilerman Bar &#8211; RAISE YOUR GLASS TO 2026.<\/p>","protected":false},"featured_media":20295,"parent":0,"menu_order":0,"template":"","meta":{"_acf_changed":false,"_yoast_wpseo_title":"","_yoast_wpseo_metadesc":"New Years Eve at The Boilerman Bar - RAISE YOUR GLASS TO 2026.","inline_featured_image":false,"ticket_type_events":"first come, first served","date_time_events":"31. Dec. 2025 | 8pm - 2am","startdate_events":"2025-12-31"},"business-site":[7],"location":[6],"event-type":[80],"acf":[],"yoast_head":"<!-- This site is optimized with the Yoast SEO plugin v22.7 - https:\/\/yoast.com\/wordpress\/plugins\/seo\/ -->\n<title>the final pour 2025 - 25hours Hotels<\/title>\n<meta name=\"description\" content=\"New Years Eve at The Boilerman Bar - RAISE YOUR GLASS TO 2026.\" \/>\n<meta name=\"robots\" content=\"index, follow, max-snippet:-1, max-image-preview:large, max-video-preview:-1\" \/>\n<link rel=\"canonical\" href=\"https:\/\/25hours-hotels.com\/de\/munich\/the-royal-bavarian\/events\/new-years-eve-boilerman-2025\/\" \/>\n<meta property=\"og:locale\" content=\"de_DE\" \/>\n<meta property=\"og:type\" content=\"article\" \/>\n<meta property=\"og:title\" content=\"the final pour 2025 - 25hours Hotels\" \/>\n<meta property=\"og:description\" content=\"New Years Eve at The Boilerman Bar - RAISE YOUR GLASS TO 2026.\" \/>\n<meta property=\"og:url\" content=\"https:\/\/25hours-hotels.com\/de\/munich\/the-royal-bavarian\/events\/new-years-eve-boilerman-2025\/\" \/>\n<meta property=\"og:site_name\" content=\"25hours Hotels\" \/>\n<meta property=\"article:modified_time\" content=\"2025-11-06T16:52:36+00:00\" \/>\n<meta property=\"og:image\" content=\"https:\/\/25hours-hotels.com\/wp-content\/uploads\/sites\/39\/2025\/11\/Marketing_Website_Silvester-1.jpg\" \/>\n\t<meta property=\"og:image:width\" content=\"800\" \/>\n\t<meta property=\"og:image:height\" content=\"600\" \/>\n\t<meta property=\"og:image:type\" content=\"image\/jpeg\" \/>\n<meta name=\"twitter:card\" content=\"summary_large_image\" \/>\n<meta name=\"twitter:label1\" content=\"Est. reading time\" \/>\n\t<meta name=\"twitter:data1\" content=\"2 minutes\" \/>\n<script type=\"application\/ld+json\" class=\"yoast-schema-graph\">{\"@context\":\"https:\/\/schema.org\",\"@graph\":[{\"@type\":\"WebPage\",\"@id\":\"https:\/\/25hours-hotels.com\/munich\/the-royal-bavarian\/events\/new-years-eve-boilerman-2025\/\",\"url\":\"https:\/\/25hours-hotels.com\/munich\/the-royal-bavarian\/events\/new-years-eve-boilerman-2025\/\",\"name\":\"the final pour 2025 - 25hours Hotels\",\"isPartOf\":{\"@id\":\"https:\/\/25hours-hotels.com\/#website\"},\"primaryImageOfPage\":{\"@id\":\"https:\/\/25hours-hotels.com\/munich\/the-royal-bavarian\/events\/new-years-eve-boilerman-2025\/#primaryimage\"},\"image\":{\"@id\":\"https:\/\/25hours-hotels.com\/munich\/the-royal-bavarian\/events\/new-years-eve-boilerman-2025\/#primaryimage\"},\"thumbnailUrl\":\"https:\/\/25hours-hotels.com\/wp-content\/uploads\/sites\/39\/2025\/11\/Marketing_Website_Silvester-1.jpg\",\"datePublished\":\"2025-11-06T16:52:35+00:00\",\"dateModified\":\"2025-11-06T16:52:36+00:00\",\"description\":\"New Years Eve at The Boilerman Bar - RAISE YOUR GLASS TO 2026.\",\"breadcrumb\":{\"@id\":\"https:\/\/25hours-hotels.com\/munich\/the-royal-bavarian\/events\/new-years-eve-boilerman-2025\/#breadcrumb\"},\"inLanguage\":\"de-DE\",\"potentialAction\":[{\"@type\":\"ReadAction\",\"target\":[\"https:\/\/25hours-hotels.com\/munich\/the-royal-bavarian\/events\/new-years-eve-boilerman-2025\/\"]}]},{\"@type\":\"ImageObject\",\"inLanguage\":\"de-DE\",\"@id\":\"https:\/\/25hours-hotels.com\/munich\/the-royal-bavarian\/events\/new-years-eve-boilerman-2025\/#primaryimage\",\"url\":\"https:\/\/25hours-hotels.com\/wp-content\/uploads\/sites\/39\/2025\/11\/Marketing_Website_Silvester-1.jpg\",\"contentUrl\":\"https:\/\/25hours-hotels.com\/wp-content\/uploads\/sites\/39\/2025\/11\/Marketing_Website_Silvester-1.jpg\",\"width\":800,\"height\":600},{\"@type\":\"BreadcrumbList\",\"@id\":\"https:\/\/25hours-hotels.com\/munich\/the-royal-bavarian\/events\/new-years-eve-boilerman-2025\/#breadcrumb\",\"itemListElement\":[{\"@type\":\"ListItem\",\"position\":1,\"name\":\"Home\",\"item\":\"https:\/\/25hours-hotels.com\/\"},{\"@type\":\"ListItem\",\"position\":2,\"name\":\"the final pour 2025\"}]},{\"@type\":\"WebSite\",\"@id\":\"https:\/\/25hours-hotels.com\/#website\",\"url\":\"https:\/\/25hours-hotels.com\/\",\"name\":\"25hours Hotels\",\"description\":\"\",\"potentialAction\":[{\"@type\":\"SearchAction\",\"target\":{\"@type\":\"EntryPoint\",\"urlTemplate\":\"https:\/\/25hours-hotels.com\/?s={search_term_string}\"},\"query-input\":\"required name=search_term_string\"}],\"inLanguage\":\"de-DE\"}]}<\/script>\n<!-- \/ Yoast SEO plugin. -->","yoast_head_json":{"title":"the final pour 2025 - 25hours Hotels","description":"New Years Eve at The Boilerman Bar - RAISE YOUR GLASS TO 2026.","robots":{"index":"index","follow":"follow","max-snippet":"max-snippet:-1","max-image-preview":"max-image-preview:large","max-video-preview":"max-video-preview:-1"},"canonical":"https:\/\/25hours-hotels.com\/de\/munich\/the-royal-bavarian\/events\/new-years-eve-boilerman-2025\/","og_locale":"de_DE","og_type":"article","og_title":"the final pour 2025 - 25hours Hotels","og_description":"New Years Eve at The Boilerman Bar - RAISE YOUR GLASS TO 2026.","og_url":"https:\/\/25hours-hotels.com\/de\/munich\/the-royal-bavarian\/events\/new-years-eve-boilerman-2025\/","og_site_name":"25hours Hotels","article_modified_time":"2025-11-06T16:52:36+00:00","og_image":[{"width":800,"height":600,"url":"https:\/\/25hours-hotels.com\/wp-content\/uploads\/sites\/39\/2025\/11\/Marketing_Website_Silvester-1.jpg","type":"image\/jpeg"}],"twitter_card":"summary_large_image","twitter_misc":{"Est. reading time":"2 minutes"},"schema":{"@context":"https:\/\/schema.org","@graph":[{"@type":"WebPage","@id":"https:\/\/25hours-hotels.com\/munich\/the-royal-bavarian\/events\/new-years-eve-boilerman-2025\/","url":"https:\/\/25hours-hotels.com\/munich\/the-royal-bavarian\/events\/new-years-eve-boilerman-2025\/","name":"the final pour 2025 - 25hours Hotels","isPartOf":{"@id":"https:\/\/25hours-hotels.com\/#website"},"primaryImageOfPage":{"@id":"https:\/\/25hours-hotels.com\/munich\/the-royal-bavarian\/events\/new-years-eve-boilerman-2025\/#primaryimage"},"image":{"@id":"https:\/\/25hours-hotels.com\/munich\/the-royal-bavarian\/events\/new-years-eve-boilerman-2025\/#primaryimage"},"thumbnailUrl":"https:\/\/25hours-hotels.com\/wp-content\/uploads\/sites\/39\/2025\/11\/Marketing_Website_Silvester-1.jpg","datePublished":"2025-11-06T16:52:35+00:00","dateModified":"2025-11-06T16:52:36+00:00","description":"New Years Eve at The Boilerman Bar - RAISE YOUR GLASS TO 2026.","breadcrumb":{"@id":"https:\/\/25hours-hotels.com\/munich\/the-royal-bavarian\/events\/new-years-eve-boilerman-2025\/#breadcrumb"},"inLanguage":"de-DE","potentialAction":[{"@type":"ReadAction","target":["https:\/\/25hours-hotels.com\/munich\/the-royal-bavarian\/events\/new-years-eve-boilerman-2025\/"]}]},{"@type":"ImageObject","inLanguage":"de-DE","@id":"https:\/\/25hours-hotels.com\/munich\/the-royal-bavarian\/events\/new-years-eve-boilerman-2025\/#primaryimage","url":"https:\/\/25hours-hotels.com\/wp-content\/uploads\/sites\/39\/2025\/11\/Marketing_Website_Silvester-1.jpg","contentUrl":"https:\/\/25hours-hotels.com\/wp-content\/uploads\/sites\/39\/2025\/11\/Marketing_Website_Silvester-1.jpg","width":800,"height":600},{"@type":"BreadcrumbList","@id":"https:\/\/25hours-hotels.com\/munich\/the-royal-bavarian\/events\/new-years-eve-boilerman-2025\/#breadcrumb","itemListElement":[{"@type":"ListItem","position":1,"name":"Home","item":"https:\/\/25hours-hotels.com\/"},{"@type":"ListItem","position":2,"name":"the final pour 2025"}]},{"@type":"WebSite","@id":"https:\/\/25hours-hotels.com\/#website","url":"https:\/\/25hours-hotels.com\/","name":"25hours Hotels","description":"","potentialAction":[{"@type":"SearchAction","target":{"@type":"EntryPoint","urlTemplate":"https:\/\/25hours-hotels.com\/?s={search_term_string}"},"query-input":"required name=search_term_string"}],"inLanguage":"de-DE"}]}},"jetpack_sharing_enabled":true,"_links":{"self":[{"href":"https:\/\/25hours-hotels.com\/de\/wp-json\/wp\/v2\/event\/20292"}],"collection":[{"href":"https:\/\/25hours-hotels.com\/de\/wp-json\/wp\/v2\/event"}],"about":[{"href":"https:\/\/25hours-hotels.com\/de\/wp-json\/wp\/v2\/types\/event"}],"wp:featuredmedia":[{"embeddable":true,"href":"https:\/\/25hours-hotels.com\/de\/wp-json\/wp\/v2\/media\/20295"}],"wp:attachment":[{"href":"https:\/\/25hours-hotels.com\/de\/wp-json\/wp\/v2\/media?parent=20292"}],"wp:term":[{"taxonomy":"business-site","embeddable":true,"href":"https:\/\/25hours-hotels.com\/de\/wp-json\/wp\/v2\/business-site?post=20292"},{"taxonomy":"location","embeddable":true,"href":"https:\/\/25hours-hotels.com\/de\/wp-json\/wp\/v2\/location?post=20292"},{"taxonomy":"event-type","embeddable":true,"href":"https:\/\/25hours-hotels.com\/de\/wp-json\/wp\/v2\/event-type?post=20292"}],"curies":[{"name":"wp","href":"https:\/\/api.w.org\/{rel}","templated":true}]}}