
{"id":19456,"date":"2025-09-29T14:31:44","date_gmt":"2025-09-29T14:31:44","guid":{"rendered":"https:\/\/25hours-hotels.com\/?post_type=event&#038;p=19456"},"modified":"2025-09-29T14:31:45","modified_gmt":"2025-09-29T14:31:45","slug":"saint-john-winter-about-celebrating-and-enjoying-the-cold-season","status":"publish","type":"event","link":"https:\/\/25hours-hotels.com\/de\/frankfurt\/the-trip\/events\/saint-john-1710\/","title":{"rendered":"Saint John: Winter. \u00dcber das Feiern und Genie\u00dfen der kalten Jahreszeit."},"content":{"rendered":"<div class=\"wp-block-custom25h-hero-details is-style-no-rescale\">\n<div class=\"wp-block-cover has-base-color has-text-color has-link-color wp-elements-c305691d318c5650d24613b59ad2fa35\" style=\"min-height:100vh;aspect-ratio:unset;\"><span aria-hidden=\"true\" class=\"wp-block-cover__background has-contrast-background-color has-background-dim-30 has-background-dim\"><\/span><img loading=\"lazy\" decoding=\"async\" width=\"1000\" height=\"750\" class=\"wp-block-cover__image-background wp-image-19464\" alt=\"\" src=\"https:\/\/25hours-hotels.com\/wp-content\/uploads\/sites\/39\/2025\/09\/25h-TRP-event-Saint-John-Winter-1000x750-2.jpeg\" data-object-fit=\"cover\" srcset=\"https:\/\/25hours-hotels.com\/wp-content\/uploads\/sites\/39\/2025\/09\/25h-TRP-event-Saint-John-Winter-1000x750-2.jpeg 1000w, https:\/\/25hours-hotels.com\/wp-content\/uploads\/sites\/39\/2025\/09\/25h-TRP-event-Saint-John-Winter-1000x750-2.jpeg?resize=300,225 300w, https:\/\/25hours-hotels.com\/wp-content\/uploads\/sites\/39\/2025\/09\/25h-TRP-event-Saint-John-Winter-1000x750-2.jpeg?resize=768,576 768w, https:\/\/25hours-hotels.com\/wp-content\/uploads\/sites\/39\/2025\/09\/25h-TRP-event-Saint-John-Winter-1000x750-2.jpeg?resize=16,12 16w\" sizes=\"(max-width: 1000px) 100vw, 1000px\" \/><div class=\"wp-block-cover__inner-container is-layout-flow wp-block-cover-is-layout-flow\">\n<p class=\"has-text-align-center has-paragraph-font-size\">25hours Hotel The Trip<\/p>\n\n\n\n<h1 class=\"wp-block-heading has-text-align-center has-base-color has-text-color has-title-2-font-size\">Saint John: Winter. \u00dcber das Feiern und Genie\u00dfen der kalten Jahreszeit.<\/h1>\n\n\n\n<div class=\"wp-block-buttons alignfull is-content-justification-center is-layout-flex wp-container-core-buttons-is-layout-1 wp-block-buttons-is-layout-flex\" style=\"margin-top:var(--wp--preset--spacing--6)\">\n<div class=\"wp-block-button is-style-fill is-style-fill is-style-fill\"><a class=\"wp-block-button__link has-contrast-color has-text-color wp-element-button\" href=\"https:\/\/www.eventbrite.de\/e\/saint-john-winter-uber-das-feiern-und-genieen-der-kalten-jahreszeit-tickets-1743067655279?aff=oddtdtcreator\" target=\"_blank\" rel=\"noreferrer noopener\" aria-label=\"\">tickets sichern<\/a><\/div>\n<\/div>\n<\/div><\/div>\n\n\n\n<div class=\"wp-block-group has-pattern-dots is-vertical is-content-justification-center is-layout-flex wp-container-core-group-is-layout-1 wp-block-group-is-layout-flex\" style=\"padding-top:var(--wp--preset--spacing--5);padding-right:var(--wp--preset--spacing--5);padding-bottom:var(--wp--preset--spacing--5);padding-left:var(--wp--preset--spacing--5)\">\n<div style=\"height:0px\" aria-hidden=\"true\" class=\"wp-block-spacer wp-container-content-1\"><\/div>\n\n\n\n<h2 class=\"wp-block-heading has-text-align-center\">inspirierende geschichten, wie man richtig gut gastgeber:in ist.<\/h2>\n\n\n\n<p class=\"has-text-align-center\">W\u00e4hrend der Frankfurter Buchmesse (15.\u201319. Oktober 2025) und damit rechtzeitig vor dem Winter und den gro\u00dfen Festen schauen Sarah und Jule im 25hours Hotel The Trip vorbei, um \u00fcber das Buch Winter und seine Entstehung zu erz\u00e4hlen. Damit verbunden sind zahlreiche inspirierende Geschichten, wie man entspannt und richtig gut Gastgeber:in ist.<\/p>\n\n\n\n<p class=\"has-text-align-center\">Sarah und Jule laden uns an ihren 300 Jahre alten gro\u00dfen K\u00fcchentisch ein, zum Feiern und Genie\u00dfen, zum Kochen und vor allem um gemeinsame Zeit f\u00fcr sch\u00f6ne Geschichten, Erinnerungen und Gerichte zu haben. Gutes Essen und l\u00e4ssige Geselligkeit sind ihnen ebenso wichtig wie fabelhafte G\u00e4ste, gute Gespr\u00e4che und die richtige Atmosph\u00e4re in der sich jeder Gast gut aufgehoben f\u00fchlt. Mit diesem Buch hat man alles f\u00fcr einen wunderbaren Winter voller Feste mit Freunden, von der richtigen Sitzordnung, \u00fcber kleine und gro\u00dfe Men\u00fcs bis hin zur gedeckten Tafel. Aber vor allem mit Rezepten, die gl\u00fccklich machen, bis der Fr\u00fchling wieder einzieht.<\/p>\n\n\n\n<p>Dieser Abend ist perfekt f\u00fcr alle, die irgendwann im Winter ihre T\u00fcren \u00f6ffnen, G\u00e4ste begr\u00fc\u00dfen und zusammen eine fantastische Zeit haben m\u00f6chten.<\/p>\n\n\n\n<p class=\"has-text-align-center\">Der Eintritt ist frei, bitte ein kostenloses Ticket sichern. Die Veranstaltung findet auf Deutsch statt.<\/p>\n\n\n\n<div class=\"wp-block-buttons alignfull is-content-justification-center is-layout-flex wp-container-core-buttons-is-layout-2 wp-block-buttons-is-layout-flex\" style=\"margin-top:var(--wp--preset--spacing--6)\">\n<div class=\"wp-block-button is-style-fill is-style-fill is-style-fill\"><a class=\"wp-block-button__link has-contrast-color has-text-color wp-element-button\" href=\"https:\/\/www.eventbrite.de\/e\/saint-john-winter-uber-das-feiern-und-genieen-der-kalten-jahreszeit-tickets-1743067655279?aff=oddtdtcreator\" target=\"_blank\" rel=\"noreferrer noopener\" aria-label=\"\">tickets sichern<\/a><\/div>\n<\/div>\n<\/div>\n<\/div>\n\n\n\n<div class=\"wp-block-group has-pattern-dots has-global-padding is-layout-constrained wp-block-group-is-layout-constrained\">\n<div class=\"wp-block-custom25h-text-columns\">\n<div class=\"wp-block-group alignwide wp-block-custom25h-text-columns wp-block-custom25h-text-columns has-global-padding is-layout-constrained wp-block-group-is-layout-constrained\" style=\"padding-top:var(--wp--preset--spacing--5);padding-bottom:var(--wp--preset--spacing--5)\">\n<div class=\"wp-block-columns wp-block-custom25h-text-columns--columns is-layout-flex wp-container-core-columns-is-layout-1 wp-block-columns-is-layout-flex\">\n<div class=\"wp-block-column is-layout-flow wp-block-column-is-layout-flow\" style=\"padding-right:var(--wp--preset--spacing--5);padding-left:var(--wp--preset--spacing--5)\">\n<h3 class=\"wp-block-heading has-text-align-center has-title-4-font-size\">wann<\/h3>\n\n\n\n<p class=\"has-text-align-center\">17. Okt. 2025<\/p>\n<\/div>\n\n\n\n<div class=\"wp-block-column is-layout-flow wp-block-column-is-layout-flow\" style=\"padding-right:var(--wp--preset--spacing--5);padding-left:var(--wp--preset--spacing--5)\">\n<h3 class=\"wp-block-heading has-text-align-center has-title-4-font-size\">wo<\/h3>\n\n\n\n<p class=\"has-text-align-center\">25hours Hotel The Trip<br>Niddastra\u00dfe 56\u201358<br>60329 Frankfurt am Main<\/p>\n\n\n\n<div class=\"wp-block-buttons is-content-justification-center is-layout-flex wp-container-core-buttons-is-layout-3 wp-block-buttons-is-layout-flex\">\n<div class=\"wp-block-button is-style-text-link is-style-text-link has-text-underline is-style-text-link\"><a class=\"wp-block-button__link wp-element-button\" href=\"https:\/\/maps.app.goo.gl\/HZPNkwe7AEU9Gurr5\" style=\"padding-top:var(--wp--preset--spacing--2)\" target=\"_blank\" rel=\"noreferrer noopener\" aria-label=\"\">Routenplanung<\/a><\/div>\n<\/div>\n<\/div>\n\n\n\n<div class=\"wp-block-column is-layout-flow wp-block-column-is-layout-flow\" style=\"padding-right:var(--wp--preset--spacing--5);padding-left:var(--wp--preset--spacing--5)\">\n<h3 class=\"wp-block-heading has-text-align-center has-title-4-font-size\">zeit<\/h3>\n\n\n\n<p class=\"has-text-align-center\">20h - 21.30h<\/p>\n<\/div>\n<\/div>\n<\/div>\n<\/div>\n<\/div>\n\n\n\n<div class=\"wp-block-group alignwide has-pattern-dots has-global-padding is-layout-constrained wp-block-group-is-layout-constrained\" style=\"padding-top:var(--wp--preset--spacing--6)\">\n<div style=\"height:42px\" aria-hidden=\"true\" class=\"wp-block-spacer\"><\/div>\n\n\n\n<div class=\"wp-block-columns is-layout-flex wp-container-core-columns-is-layout-2 wp-block-columns-is-layout-flex\">\n<div class=\"wp-block-column is-layout-flow wp-block-column-is-layout-flow\">\n<h2 class=\"wp-block-heading\" style=\"margin-top:var(--wp--preset--spacing--6)\">andere events<\/h2>\n\n\n\n<p>Lust auf etwas anderes? Hier sind weitere Events.<\/p>\n<\/div>\n\n\n\n<div class=\"wp-block-column hide-on-mobile is-layout-flow wp-block-column-is-layout-flow\" style=\"flex-basis:35%\">\n<h4 class=\"wp-block-heading has-text-align-center has-sticker-font-size wp-block-heading has-text-align-center has-sticker-font-size wp-block-heading is-sticker has-custom-font has-texture has-spancolor-propertyColor2 has-rotation-left\"><span>loud, louder, live.<\/span><\/h4>\n<\/div>\n<\/div>\n<\/div>\n\n\n\n<div class=\"wp-block-custom25h-carousel-v2 alignfull custom25hours-carousel-v2 is-style-alternative\" id=\"custom25hours-carousel-v2-0\">\n<div class=\"wp-block-group alignfull wp-block-25hours-carousel-v2 wp-block-25hours-carousel-v2 has-pattern-dots is-layout-flow wp-container-core-group-is-layout-9 wp-block-group-is-layout-flow\" style=\"padding-top:var(--wp--preset--spacing--5);padding-bottom:var(--wp--preset--spacing--15)\">\n<div class=\"wp-block-query is-layout-flow wp-block-query-is-layout-flow\"><ul class=\"swiper-wrapper wp-block-post-template is-layout-flow wp-container-core-post-template-is-layout-1 wp-block-post-template-is-layout-flow\"><li class=\"wp-block-post post-24235 event type-event status-publish has-post-thumbnail hentry business-site-the-trip location-frankfurt event-type-art-culture event-type-food-drinks event-type-musik-party\">\n<figure class=\"wp-block-post-featured-image\"><a href=\"https:\/\/25hours-hotels.com\/de\/frankfurt\/the-trip\/events\/after-work-1905\/\" target=\"_self\"  ><img loading=\"lazy\" decoding=\"async\" width=\"1000\" height=\"750\" src=\"https:\/\/25hours-hotels.com\/wp-content\/uploads\/sites\/39\/2026\/01\/25h-TRP-events-after-work-at-the-trip-FN.jpeg?w=1000\" class=\"attachment-post-thumbnail size-post-thumbnail wp-post-image\" alt=\"After Work\/Fair im The Trip\" style=\"object-fit:cover;\" srcset=\"https:\/\/25hours-hotels.com\/wp-content\/uploads\/sites\/39\/2026\/01\/25h-TRP-events-after-work-at-the-trip-FN.jpeg 1000w, https:\/\/25hours-hotels.com\/wp-content\/uploads\/sites\/39\/2026\/01\/25h-TRP-events-after-work-at-the-trip-FN.jpeg?resize=300,225 300w, https:\/\/25hours-hotels.com\/wp-content\/uploads\/sites\/39\/2026\/01\/25h-TRP-events-after-work-at-the-trip-FN.jpeg?resize=768,576 768w, https:\/\/25hours-hotels.com\/wp-content\/uploads\/sites\/39\/2026\/01\/25h-TRP-events-after-work-at-the-trip-FN.jpeg?resize=16,12 16w\" sizes=\"(max-width: 1000px) 100vw, 1000px\" \/><\/a><\/figure>\n\n\n<div class=\"wp-block-group carousel-v2--slide-content carousel-v2--slide-content carousel-v2--slide-content is-layout-flow wp-container-core-group-is-layout-5 wp-block-group-is-layout-flow\"><h4 style=\"margin-top:var(--wp--preset--spacing--5);margin-bottom:var(--wp--preset--spacing--1); font-weight:700;line-height:1.2;\" class=\"wp-block-post-title has-title-4-font-size\">After Work\/Fair im The Trip<\/h4>\n\n\n<p style=\"margin-bottom:var(--wp--preset--spacing--2)\">Hafencity, Hamburg<\/p>\n\n\n<div style=\"margin-bottom:var(--wp--preset--spacing--4); line-height:1.2;\" class=\"--line-clamp-3 wp-block-post-excerpt has-paragraph-small-font-size\"><p class=\"wp-block-post-excerpt__excerpt\">Den Tag ausklingen lassen oder sich auf einen Abend im Bahnhofsviertel einstimmen: Einfach in der Lobby von The Trip vorbeischauen, Musik genie\u00dfen und Drinks schl\u00fcrfen. <\/p><\/div>\n\n<p class=\"has-icon-ticket-type\">kostenlose Anmeldung<\/p>\n\n<p class=\"has-icon-event-date\">19. Mai 2026 | 18 \u2013 23h<\/p>\n\n<a aria-label=\"After Work\/Fair at The Trip - More info\" style=\"margin-top:var(--wp--preset--spacing--5);\" class=\"is-button-style is-style-text-link  has-text-underline  has-icon__shape-arrow has-icon__orientation-right wp-block-read-more has-paragraph-font-size\" href=\"https:\/\/25hours-hotels.com\/de\/frankfurt\/the-trip\/events\/after-work-1905\/\" target=\"_self\">Mehr Informationen<span class=\"screen-reader-text\">: After Work\/Fair at The Trip<\/span><\/a><\/div>\n\n<\/li><li class=\"wp-block-post post-24555 event type-event status-publish has-post-thumbnail hentry business-site-the-goldman location-frankfurt event-type-art-culture event-type-food-drinks\">\n<figure class=\"wp-block-post-featured-image\"><a href=\"https:\/\/25hours-hotels.com\/de\/frankfurt\/the-goldman\/events\/pub-quiz-1206\/\" target=\"_self\"  ><img loading=\"lazy\" decoding=\"async\" width=\"1000\" height=\"751\" src=\"https:\/\/25hours-hotels.com\/wp-content\/uploads\/sites\/39\/2025\/03\/25h-goldman-event-pub-quiz.jpeg?w=1000\" class=\"attachment-post-thumbnail size-post-thumbnail wp-post-image\" alt=\"Pub Quiz in der Oost Bar\" style=\"object-fit:cover;\" srcset=\"https:\/\/25hours-hotels.com\/wp-content\/uploads\/sites\/39\/2025\/03\/25h-goldman-event-pub-quiz.jpeg 1000w, https:\/\/25hours-hotels.com\/wp-content\/uploads\/sites\/39\/2025\/03\/25h-goldman-event-pub-quiz.jpeg?resize=300,225 300w, https:\/\/25hours-hotels.com\/wp-content\/uploads\/sites\/39\/2025\/03\/25h-goldman-event-pub-quiz.jpeg?resize=768,577 768w, https:\/\/25hours-hotels.com\/wp-content\/uploads\/sites\/39\/2025\/03\/25h-goldman-event-pub-quiz.jpeg?resize=16,12 16w\" sizes=\"(max-width: 1000px) 100vw, 1000px\" \/><\/a><\/figure>\n\n\n<div class=\"wp-block-group carousel-v2--slide-content carousel-v2--slide-content carousel-v2--slide-content is-layout-flow wp-container-core-group-is-layout-6 wp-block-group-is-layout-flow\"><h4 style=\"margin-top:var(--wp--preset--spacing--5);margin-bottom:var(--wp--preset--spacing--1); font-weight:700;line-height:1.2;\" class=\"wp-block-post-title has-title-4-font-size\">Pub Quiz in der Oost Bar<\/h4>\n\n\n<p style=\"margin-bottom:var(--wp--preset--spacing--2)\">Hafencity, Hamburg<\/p>\n\n\n<div style=\"margin-bottom:var(--wp--preset--spacing--4); line-height:1.2;\" class=\"--line-clamp-3 wp-block-post-excerpt has-paragraph-small-font-size\"><p class=\"wp-block-post-excerpt__excerpt\">Das Team schnappen und einen unterhaltsamen Abend rund um 25 Fragen von leicht bis unm\u00f6glich erleben. <\/p><\/div>\n\n<p class=\"has-icon-ticket-type\">Eintritt frei, Ticket ben\u00f6tigt<\/p>\n\n<p class=\"has-icon-event-date\">12. Jun. 2026 | 7pm &#8211; 9.30pm<\/p>\n\n<a aria-label=\"Pub quiz at Oost Bar - More info\" style=\"margin-top:var(--wp--preset--spacing--5);\" class=\"is-button-style is-style-text-link  has-text-underline  has-icon__shape-arrow has-icon__orientation-right wp-block-read-more has-paragraph-font-size\" href=\"https:\/\/25hours-hotels.com\/de\/frankfurt\/the-goldman\/events\/pub-quiz-1206\/\" target=\"_self\">Mehr Informationen<span class=\"screen-reader-text\">: Pub quiz at Oost Bar<\/span><\/a><\/div>\n\n<\/li><li class=\"wp-block-post post-24559 event type-event status-publish has-post-thumbnail hentry business-site-the-goldman location-frankfurt event-type-art-culture\">\n<figure class=\"wp-block-post-featured-image\"><a href=\"https:\/\/25hours-hotels.com\/de\/frankfurt\/the-goldman\/events\/bouquet-workshop-1608\/\" target=\"_self\"  ><img loading=\"lazy\" decoding=\"async\" width=\"1000\" height=\"750\" src=\"https:\/\/25hours-hotels.com\/wp-content\/uploads\/sites\/39\/2025\/04\/25h-trip-events-dried-flower-bouquet-workshop-2.png?w=1000\" class=\"attachment-post-thumbnail size-post-thumbnail wp-post-image\" alt=\"Mila &amp; Molly: dried flower bouquet workshop\" style=\"object-fit:cover;\" srcset=\"https:\/\/25hours-hotels.com\/wp-content\/uploads\/sites\/39\/2025\/04\/25h-trip-events-dried-flower-bouquet-workshop-2.png 1000w, https:\/\/25hours-hotels.com\/wp-content\/uploads\/sites\/39\/2025\/04\/25h-trip-events-dried-flower-bouquet-workshop-2.png?resize=300,225 300w, https:\/\/25hours-hotels.com\/wp-content\/uploads\/sites\/39\/2025\/04\/25h-trip-events-dried-flower-bouquet-workshop-2.png?resize=768,576 768w, https:\/\/25hours-hotels.com\/wp-content\/uploads\/sites\/39\/2025\/04\/25h-trip-events-dried-flower-bouquet-workshop-2.png?resize=16,12 16w\" sizes=\"(max-width: 1000px) 100vw, 1000px\" \/><\/a><\/figure>\n\n\n<div class=\"wp-block-group carousel-v2--slide-content carousel-v2--slide-content carousel-v2--slide-content is-layout-flow wp-container-core-group-is-layout-7 wp-block-group-is-layout-flow\"><h4 style=\"margin-top:var(--wp--preset--spacing--5);margin-bottom:var(--wp--preset--spacing--1); font-weight:700;line-height:1.2;\" class=\"wp-block-post-title has-title-4-font-size\">Mila &amp; Molly: dried flower bouquet workshop<\/h4>\n\n\n<p style=\"margin-bottom:var(--wp--preset--spacing--2)\">Hafencity, Hamburg<\/p>\n\n\n<div style=\"margin-bottom:var(--wp--preset--spacing--4); line-height:1.2;\" class=\"--line-clamp-3 wp-block-post-excerpt has-paragraph-small-font-size\"><p class=\"wp-block-post-excerpt__excerpt\">Einen eigenen Trockenblumenstrau\u00df zum Mitnehmen gestalten. Mila und Molly helfen dabei, das beste Ergebnis zu erzielen. <\/p><\/div>\n\n<p class=\"has-icon-ticket-type\">rabattiert f\u00fcr Hotelg\u00e4ste<\/p>\n\n<p class=\"has-icon-event-date\">16. Aug. 2026 | 1 &#8211; 3pm<\/p>\n\n<a aria-label=\"Mila &amp; Molly: dried flower bouquet workshop - More info\" style=\"margin-top:var(--wp--preset--spacing--5);\" class=\"is-button-style is-style-text-link  has-text-underline  has-icon__shape-arrow has-icon__orientation-right wp-block-read-more has-paragraph-font-size\" href=\"https:\/\/25hours-hotels.com\/de\/frankfurt\/the-goldman\/events\/bouquet-workshop-1608\/\" target=\"_self\">Mehr Informationen<span class=\"screen-reader-text\">: Mila &amp; Molly: dried flower bouquet workshop<\/span><\/a><\/div>\n\n<\/li><li class=\"wp-block-post post-24582 event type-event status-publish has-post-thumbnail hentry business-site-the-trip location-frankfurt event-type-art-culture\">\n<figure class=\"wp-block-post-featured-image\"><a href=\"https:\/\/25hours-hotels.com\/de\/frankfurt\/the-trip\/events\/kennt-ihr-schon-1710\/\" target=\"_self\"  ><img loading=\"lazy\" decoding=\"async\" width=\"1000\" height=\"750\" src=\"https:\/\/25hours-hotels.com\/wp-content\/uploads\/sites\/39\/2025\/08\/25h-TRP-event-Kennt-ihr-schon.jpeg?w=1000\" class=\"attachment-post-thumbnail size-post-thumbnail wp-post-image\" alt=\"Kennt ihr schon\u2026?\" style=\"object-fit:cover;\" srcset=\"https:\/\/25hours-hotels.com\/wp-content\/uploads\/sites\/39\/2025\/08\/25h-TRP-event-Kennt-ihr-schon.jpeg 1000w, https:\/\/25hours-hotels.com\/wp-content\/uploads\/sites\/39\/2025\/08\/25h-TRP-event-Kennt-ihr-schon.jpeg?resize=300,225 300w, https:\/\/25hours-hotels.com\/wp-content\/uploads\/sites\/39\/2025\/08\/25h-TRP-event-Kennt-ihr-schon.jpeg?resize=768,576 768w, https:\/\/25hours-hotels.com\/wp-content\/uploads\/sites\/39\/2025\/08\/25h-TRP-event-Kennt-ihr-schon.jpeg?resize=16,12 16w\" sizes=\"(max-width: 1000px) 100vw, 1000px\" \/><\/a><\/figure>\n\n\n<div class=\"wp-block-group carousel-v2--slide-content carousel-v2--slide-content carousel-v2--slide-content is-layout-flow wp-container-core-group-is-layout-8 wp-block-group-is-layout-flow\"><h4 style=\"margin-top:var(--wp--preset--spacing--5);margin-bottom:var(--wp--preset--spacing--1); font-weight:700;line-height:1.2;\" class=\"wp-block-post-title has-title-4-font-size\">Kennt ihr schon\u2026?<\/h4>\n\n\n<p style=\"margin-bottom:var(--wp--preset--spacing--2)\">Hafencity, Hamburg<\/p>\n\n\n<div style=\"margin-bottom:var(--wp--preset--spacing--4); line-height:1.2;\" class=\"--line-clamp-3 wp-block-post-excerpt has-paragraph-small-font-size\"><p class=\"wp-block-post-excerpt__excerpt\">Die innovative Dating-Veranstaltung, bei der man als Single gepitcht wird von niemand geringerem als einem Freund oder einer Freundin des Vertrauens und das in nur maximal 5 Minuten vor einem neugierigen Publikum. <\/p><\/div>\n\n<p class=\"has-icon-ticket-type\">ab 15 EUR, kostenfrei f\u00fcr Hotelg\u00e4ste<\/p>\n\n<p class=\"has-icon-event-date\">17. Oct. 2026 | 7 &#8211; 10pm<\/p>\n\n<a aria-label=\"Kennt ihr schon\u2026? - More info\" style=\"margin-top:var(--wp--preset--spacing--5);\" class=\"is-button-style is-style-text-link  has-text-underline  has-icon__shape-arrow has-icon__orientation-right wp-block-read-more has-paragraph-font-size\" href=\"https:\/\/25hours-hotels.com\/de\/frankfurt\/the-trip\/events\/kennt-ihr-schon-1710\/\" target=\"_self\">Mehr Informationen<span class=\"screen-reader-text\">: Kennt ihr schon\u2026?<\/span><\/a><\/div>\n\n<\/li><\/ul><\/div>\n<\/div>\n<div class=\"custom25h-carousel-v2__controls\"><button class=\"swiper-button swiper-button--prev --prev\"><\/button><div class=\"custom25h-carousel-v2__control--pagination\"><\/div><button class=\"swiper-button swiper-button--next --next\"><\/button><\/div><\/div>","protected":false},"excerpt":{"rendered":"<p>Sarah and Jule stop by to talk about the book Winter, and share inspirational stories about how to be a great host in the cold season.<\/p>","protected":false},"featured_media":19463,"parent":0,"menu_order":0,"template":"","meta":{"_acf_changed":false,"_yoast_wpseo_title":"","_yoast_wpseo_metadesc":"Sarah and Jule stop by to talk about the book Winter, and share inspirational stories about how to be a great host in the cold season.","inline_featured_image":false,"ticket_type_events":"free, ticket required","date_time_events":"17. Oct. 2025 | 8 \u2013 9.30pm","startdate_events":"2025-10-17"},"business-site":[5],"location":[4],"event-type":[78],"acf":[],"yoast_head":"<!-- This site is optimized with the Yoast SEO plugin v22.7 - https:\/\/yoast.com\/wordpress\/plugins\/seo\/ -->\n<title>Saint John: Winter. About celebrating and enjoying the cold season. - 25hours Hotels<\/title>\n<meta name=\"description\" content=\"Sarah and Jule stop by to talk about the book Winter, and share inspirational stories about how to be a great host in the cold season.\" \/>\n<meta name=\"robots\" content=\"index, follow, max-snippet:-1, max-image-preview:large, max-video-preview:-1\" \/>\n<link rel=\"canonical\" href=\"https:\/\/25hours-hotels.com\/de\/frankfurt\/the-trip\/events\/saint-john-1710\/\" \/>\n<meta property=\"og:locale\" content=\"de_DE\" \/>\n<meta property=\"og:type\" content=\"article\" \/>\n<meta property=\"og:title\" content=\"Saint John: Winter. About celebrating and enjoying the cold season. - 25hours Hotels\" \/>\n<meta property=\"og:description\" content=\"Sarah and Jule stop by to talk about the book Winter, and share inspirational stories about how to be a great host in the cold season.\" \/>\n<meta property=\"og:url\" content=\"https:\/\/25hours-hotels.com\/de\/frankfurt\/the-trip\/events\/saint-john-1710\/\" \/>\n<meta property=\"og:site_name\" content=\"25hours Hotels\" \/>\n<meta property=\"article:modified_time\" content=\"2025-09-29T14:31:45+00:00\" \/>\n<meta property=\"og:image\" content=\"https:\/\/25hours-hotels.com\/wp-content\/uploads\/sites\/39\/2025\/09\/25hours-Instagram-1080x1440.001.jpeg\" \/>\n\t<meta property=\"og:image:width\" content=\"1080\" \/>\n\t<meta property=\"og:image:height\" content=\"1440\" \/>\n\t<meta property=\"og:image:type\" content=\"image\/jpeg\" \/>\n<meta name=\"twitter:card\" content=\"summary_large_image\" \/>\n<meta name=\"twitter:label1\" content=\"Est. reading time\" \/>\n\t<meta name=\"twitter:data1\" content=\"2 minutes\" \/>\n<script type=\"application\/ld+json\" class=\"yoast-schema-graph\">{\"@context\":\"https:\/\/schema.org\",\"@graph\":[{\"@type\":\"WebPage\",\"@id\":\"https:\/\/25hours-hotels.com\/frankfurt\/the-trip\/events\/saint-john-1710\/\",\"url\":\"https:\/\/25hours-hotels.com\/frankfurt\/the-trip\/events\/saint-john-1710\/\",\"name\":\"Saint John: Winter. About celebrating and enjoying the cold season. - 25hours Hotels\",\"isPartOf\":{\"@id\":\"https:\/\/25hours-hotels.com\/#website\"},\"primaryImageOfPage\":{\"@id\":\"https:\/\/25hours-hotels.com\/frankfurt\/the-trip\/events\/saint-john-1710\/#primaryimage\"},\"image\":{\"@id\":\"https:\/\/25hours-hotels.com\/frankfurt\/the-trip\/events\/saint-john-1710\/#primaryimage\"},\"thumbnailUrl\":\"https:\/\/25hours-hotels.com\/wp-content\/uploads\/sites\/39\/2025\/09\/25hours-Instagram-1080x1440.001.jpeg\",\"datePublished\":\"2025-09-29T14:31:44+00:00\",\"dateModified\":\"2025-09-29T14:31:45+00:00\",\"description\":\"Sarah and Jule stop by to talk about the book Winter, and share inspirational stories about how to be a great host in the cold season.\",\"breadcrumb\":{\"@id\":\"https:\/\/25hours-hotels.com\/frankfurt\/the-trip\/events\/saint-john-1710\/#breadcrumb\"},\"inLanguage\":\"de-DE\",\"potentialAction\":[{\"@type\":\"ReadAction\",\"target\":[\"https:\/\/25hours-hotels.com\/frankfurt\/the-trip\/events\/saint-john-1710\/\"]}]},{\"@type\":\"ImageObject\",\"inLanguage\":\"de-DE\",\"@id\":\"https:\/\/25hours-hotels.com\/frankfurt\/the-trip\/events\/saint-john-1710\/#primaryimage\",\"url\":\"https:\/\/25hours-hotels.com\/wp-content\/uploads\/sites\/39\/2025\/09\/25hours-Instagram-1080x1440.001.jpeg\",\"contentUrl\":\"https:\/\/25hours-hotels.com\/wp-content\/uploads\/sites\/39\/2025\/09\/25hours-Instagram-1080x1440.001.jpeg\",\"width\":1080,\"height\":1440},{\"@type\":\"BreadcrumbList\",\"@id\":\"https:\/\/25hours-hotels.com\/frankfurt\/the-trip\/events\/saint-john-1710\/#breadcrumb\",\"itemListElement\":[{\"@type\":\"ListItem\",\"position\":1,\"name\":\"Home\",\"item\":\"https:\/\/25hours-hotels.com\/\"},{\"@type\":\"ListItem\",\"position\":2,\"name\":\"Saint John: Winter. About celebrating and enjoying the cold season.\"}]},{\"@type\":\"WebSite\",\"@id\":\"https:\/\/25hours-hotels.com\/#website\",\"url\":\"https:\/\/25hours-hotels.com\/\",\"name\":\"25hours Hotels\",\"description\":\"\",\"potentialAction\":[{\"@type\":\"SearchAction\",\"target\":{\"@type\":\"EntryPoint\",\"urlTemplate\":\"https:\/\/25hours-hotels.com\/?s={search_term_string}\"},\"query-input\":\"required name=search_term_string\"}],\"inLanguage\":\"de-DE\"}]}<\/script>\n<!-- \/ Yoast SEO plugin. -->","yoast_head_json":{"title":"Saint John: Winter. About celebrating and enjoying the cold season. - 25hours Hotels","description":"Sarah and Jule stop by to talk about the book Winter, and share inspirational stories about how to be a great host in the cold season.","robots":{"index":"index","follow":"follow","max-snippet":"max-snippet:-1","max-image-preview":"max-image-preview:large","max-video-preview":"max-video-preview:-1"},"canonical":"https:\/\/25hours-hotels.com\/de\/frankfurt\/the-trip\/events\/saint-john-1710\/","og_locale":"de_DE","og_type":"article","og_title":"Saint John: Winter. About celebrating and enjoying the cold season. - 25hours Hotels","og_description":"Sarah and Jule stop by to talk about the book Winter, and share inspirational stories about how to be a great host in the cold season.","og_url":"https:\/\/25hours-hotels.com\/de\/frankfurt\/the-trip\/events\/saint-john-1710\/","og_site_name":"25hours Hotels","article_modified_time":"2025-09-29T14:31:45+00:00","og_image":[{"width":1080,"height":1440,"url":"https:\/\/25hours-hotels.com\/wp-content\/uploads\/sites\/39\/2025\/09\/25hours-Instagram-1080x1440.001.jpeg","type":"image\/jpeg"}],"twitter_card":"summary_large_image","twitter_misc":{"Est. reading time":"2 minutes"},"schema":{"@context":"https:\/\/schema.org","@graph":[{"@type":"WebPage","@id":"https:\/\/25hours-hotels.com\/frankfurt\/the-trip\/events\/saint-john-1710\/","url":"https:\/\/25hours-hotels.com\/frankfurt\/the-trip\/events\/saint-john-1710\/","name":"Saint John: Winter. About celebrating and enjoying the cold season. - 25hours Hotels","isPartOf":{"@id":"https:\/\/25hours-hotels.com\/#website"},"primaryImageOfPage":{"@id":"https:\/\/25hours-hotels.com\/frankfurt\/the-trip\/events\/saint-john-1710\/#primaryimage"},"image":{"@id":"https:\/\/25hours-hotels.com\/frankfurt\/the-trip\/events\/saint-john-1710\/#primaryimage"},"thumbnailUrl":"https:\/\/25hours-hotels.com\/wp-content\/uploads\/sites\/39\/2025\/09\/25hours-Instagram-1080x1440.001.jpeg","datePublished":"2025-09-29T14:31:44+00:00","dateModified":"2025-09-29T14:31:45+00:00","description":"Sarah and Jule stop by to talk about the book Winter, and share inspirational stories about how to be a great host in the cold season.","breadcrumb":{"@id":"https:\/\/25hours-hotels.com\/frankfurt\/the-trip\/events\/saint-john-1710\/#breadcrumb"},"inLanguage":"de-DE","potentialAction":[{"@type":"ReadAction","target":["https:\/\/25hours-hotels.com\/frankfurt\/the-trip\/events\/saint-john-1710\/"]}]},{"@type":"ImageObject","inLanguage":"de-DE","@id":"https:\/\/25hours-hotels.com\/frankfurt\/the-trip\/events\/saint-john-1710\/#primaryimage","url":"https:\/\/25hours-hotels.com\/wp-content\/uploads\/sites\/39\/2025\/09\/25hours-Instagram-1080x1440.001.jpeg","contentUrl":"https:\/\/25hours-hotels.com\/wp-content\/uploads\/sites\/39\/2025\/09\/25hours-Instagram-1080x1440.001.jpeg","width":1080,"height":1440},{"@type":"BreadcrumbList","@id":"https:\/\/25hours-hotels.com\/frankfurt\/the-trip\/events\/saint-john-1710\/#breadcrumb","itemListElement":[{"@type":"ListItem","position":1,"name":"Home","item":"https:\/\/25hours-hotels.com\/"},{"@type":"ListItem","position":2,"name":"Saint John: Winter. About celebrating and enjoying the cold season."}]},{"@type":"WebSite","@id":"https:\/\/25hours-hotels.com\/#website","url":"https:\/\/25hours-hotels.com\/","name":"25hours Hotels","description":"","potentialAction":[{"@type":"SearchAction","target":{"@type":"EntryPoint","urlTemplate":"https:\/\/25hours-hotels.com\/?s={search_term_string}"},"query-input":"required name=search_term_string"}],"inLanguage":"de-DE"}]}},"jetpack_sharing_enabled":true,"_links":{"self":[{"href":"https:\/\/25hours-hotels.com\/de\/wp-json\/wp\/v2\/event\/19456"}],"collection":[{"href":"https:\/\/25hours-hotels.com\/de\/wp-json\/wp\/v2\/event"}],"about":[{"href":"https:\/\/25hours-hotels.com\/de\/wp-json\/wp\/v2\/types\/event"}],"wp:featuredmedia":[{"embeddable":true,"href":"https:\/\/25hours-hotels.com\/de\/wp-json\/wp\/v2\/media\/19463"}],"wp:attachment":[{"href":"https:\/\/25hours-hotels.com\/de\/wp-json\/wp\/v2\/media?parent=19456"}],"wp:term":[{"taxonomy":"business-site","embeddable":true,"href":"https:\/\/25hours-hotels.com\/de\/wp-json\/wp\/v2\/business-site?post=19456"},{"taxonomy":"location","embeddable":true,"href":"https:\/\/25hours-hotels.com\/de\/wp-json\/wp\/v2\/location?post=19456"},{"taxonomy":"event-type","embeddable":true,"href":"https:\/\/25hours-hotels.com\/de\/wp-json\/wp\/v2\/event-type?post=19456"}],"curies":[{"name":"wp","href":"https:\/\/api.w.org\/{rel}","templated":true}]}}